{"id":1615,"date":"2023-11-25T16:40:40","date_gmt":"2023-11-25T16:40:40","guid":{"rendered":"https:\/\/www.suomi-ranska.com\/teknillistieteellinen\/?page_id=1615"},"modified":"2026-04-17T09:53:36","modified_gmt":"2026-04-17T09:53:36","slug":"vuosikokoukset","status":"publish","type":"page","link":"https:\/\/www.suomi-ranska.com\/teknillistieteellinen\/vuosikokoukset\/","title":{"rendered":"Vuosikokoukset"},"content":{"rendered":"<p>[et_pb_section fb_built=&#8221;1&#8243; _builder_version=&#8221;4.23.1&#8243; _module_preset=&#8221;default&#8221; global_colors_info=&#8221;{}&#8221;][et_pb_row column_structure=&#8221;1_3,1_3,1_3&#8243; _builder_version=&#8221;4.23.1&#8243; _module_preset=&#8221;default&#8221; global_colors_info=&#8221;{}&#8221;][et_pb_column type=&#8221;1_3&#8243; _builder_version=&#8221;4.23.1&#8243; _module_preset=&#8221;default&#8221; global_colors_info=&#8221;{}&#8221;][et_pb_text _builder_version=&#8221;4.27.0&#8243; _module_preset=&#8221;default&#8221; custom_padding=&#8221;||0px|||&#8221; global_colors_info=&#8221;{}&#8221;]<\/p>\n<h4 style=\"text-align: center;\">Vuosikokous 2025<\/h4>\n<p style=\"text-align: center;\">28.1.2025 klo 12.00- 13.00<\/p>\n<p style=\"text-align: center;\">Ranskan instituutti, Yrj\u00f6nkatu 36, Helsinki<\/p>\n<p style=\"text-align: center;\"><a href=\"https:\/\/www.suomi-ranska.com\/teknillistieteellinen\/wp-content\/uploads\/2025\/01\/Vuosikokous-2025-asialista.pdf\">Esityslista<\/a><\/p>\n<p style=\"text-align: center;\"><a href=\"https:\/\/www.suomi-ranska.com\/teknillistieteellinen\/wp-content\/uploads\/2025\/01\/Toimintakertomus-2024.pdf\">Toimintakertomus 2024<\/a><\/p>\n<p style=\"text-align: center;\"><a href=\"https:\/\/www.suomi-ranska.com\/teknillistieteellinen\/wp-content\/uploads\/2025\/01\/Tilinpaatos-2024.pdf\">tilinp\u00e4\u00e4t\u00f6s<\/a><\/p>\n<p style=\"text-align: center;\"><a href=\"https:\/\/www.suomi-ranska.com\/teknillistieteellinen\/wp-content\/uploads\/2025\/01\/Toiminnantarkastaja-Seppo-Sihvosen-tarkastuskertomus.pdf\">Toiminnantarkastuskertomus 1<\/a><\/p>\n<p style=\"text-align: center;\"><a href=\"https:\/\/www.suomi-ranska.com\/teknillistieteellinen\/wp-content\/uploads\/2025\/01\/Toiminnantarkastaja-Eric-Galloixin-tarkastuskertomus.pdf\">Toiminnantarkastukertomus 2<\/a><\/p>\n<p style=\"text-align: center;\"><a href=\"https:\/\/www.suomi-ranska.com\/teknillistieteellinen\/wp-content\/uploads\/2025\/02\/Vuosikokous-2025-poytakirja.pdf\">P\u00f6yt\u00e4kirja<\/a><\/p>\n<p>&nbsp;<\/p>\n<p>&nbsp;<\/p>\n<p style=\"text-align: center;\">[\/et_pb_text][\/et_pb_column][et_pb_column type=&#8221;1_3&#8243; _builder_version=&#8221;4.23.1&#8243; _module_preset=&#8221;default&#8221; global_colors_info=&#8221;{}&#8221;][et_pb_text _builder_version=&#8221;4.27.0&#8243; _module_preset=&#8221;default&#8221; custom_padding=&#8221;||0px|||&#8221; global_colors_info=&#8221;{}&#8221;]<\/p>\n<h4 style=\"text-align: center;\">\u00a0 \u00a0 Seuran ylim\u00e4\u00e4r\u00e4inen kokous<\/h4>\n<h4 style=\"text-align: center;\">3.3.2025 klo 13.00-13.30<\/h4>\n<p style=\"text-align: center;\">Ravintola Lasipalatsi<\/p>\n<p style=\"text-align: center;\">Mannerheimintie 22-24, 00100 Helsinki<\/p>\n<p style=\"text-align: center;\"><a href=\"https:\/\/www.suomi-ranska.com\/teknillistieteellinen\/wp-content\/uploads\/2025\/02\/ylimaarainen-seuran-kokous-asialista-1.pdf\">Asialista<\/a><\/p>\n<p style=\"text-align: center;\"><a href=\"https:\/\/www.suomi-ranska.com\/teknillistieteellinen\/wp-content\/uploads\/2025\/03\/Vuosikokous-2025-2-Poytakirja-1.pdf\">P\u00f6yt\u00e4kirja<\/a><\/p>\n<p style=\"text-align: center;\"><a href=\"https:\/\/www.suomi-ranska.com\/teknillistieteellinen\/wp-content\/uploads\/2025\/01\/Vuosikokous-2025-asialista.pdf\"><\/a><\/p>\n<p style=\"text-align: center;\"><a href=\"https:\/\/www.suomi-ranska.com\/teknillistieteellinen\/wp-content\/uploads\/2025\/01\/Toimintakertomus-2024.pdf\"><\/a><\/p>\n<p>&nbsp;<\/p>\n<p>&nbsp;<\/p>\n<p>&nbsp;<\/p>\n<p>&nbsp;<\/p>\n<p>&nbsp;<\/p>\n<p>&nbsp;<\/p>\n<p>[\/et_pb_text][\/et_pb_column][et_pb_column type=&#8221;1_3&#8243; _builder_version=&#8221;4.23.1&#8243; _module_preset=&#8221;default&#8221; global_colors_info=&#8221;{}&#8221;][et_pb_text _builder_version=&#8221;4.27.5&#8243; _module_preset=&#8221;default&#8221; custom_padding=&#8221;||0px|||&#8221; hover_enabled=&#8221;0&#8243; global_colors_info=&#8221;{}&#8221; sticky_enabled=&#8221;0&#8243;]<\/p>\n<h4 style=\"text-align: center;\">\u00a0 \u00a0 Vuosikokous 2026<\/h4>\n<h4 style=\"text-align: center;\">22.4.2026 klo 15.00 &#8211; 17.30<\/h4>\n<p style=\"text-align: center;\">Zoom<\/p>\n<p style=\"text-align: center;\"><a href=\"https:\/\/www.suomi-ranska.com\/teknillistieteellinen\/wp-content\/uploads\/2026\/04\/20260416_SRTTS-AFFRST_Vuosikokous-2026_kutsu.docx\">Asialista<\/a><\/p>\n<p style=\"text-align: center;\">P\u00f6yt\u00e4kirja<\/p>\n<p style=\"text-align: center;\"><a href=\"https:\/\/www.suomi-ranska.com\/teknillistieteellinen\/wp-content\/uploads\/2025\/03\/Vuosikokous-2025-2-Poytakirja-1.pdf\"><\/a><\/p>\n<p style=\"text-align: center;\"><a href=\"https:\/\/www.suomi-ranska.com\/teknillistieteellinen\/wp-content\/uploads\/2025\/01\/Vuosikokous-2025-asialista.pdf\"><\/a><\/p>\n<p style=\"text-align: center;\"><a href=\"https:\/\/www.suomi-ranska.com\/teknillistieteellinen\/wp-content\/uploads\/2025\/01\/Toimintakertomus-2024.pdf\"><\/a><\/p>\n<p>&nbsp;<\/p>\n<p>&nbsp;<\/p>\n<p>&nbsp;<\/p>\n<p>&nbsp;<\/p>\n<p>&nbsp;<\/p>\n<p>&nbsp;<\/p>\n<p>[\/et_pb_text][\/et_pb_column][\/et_pb_row][et_pb_row column_structure=&#8221;1_3,1_3,1_3&#8243; _builder_version=&#8221;4.23.1&#8243; _module_preset=&#8221;default&#8221; global_colors_info=&#8221;{}&#8221;][et_pb_column type=&#8221;1_3&#8243; _builder_version=&#8221;4.23.1&#8243; _module_preset=&#8221;default&#8221; global_colors_info=&#8221;{}&#8221;][et_pb_text _builder_version=&#8221;4.23.1&#8243; _module_preset=&#8221;default&#8221; custom_padding=&#8221;||0px|||&#8221; global_colors_info=&#8221;{}&#8221;]<\/p>\n<h4 style=\"text-align: center;\">Vuosikokous 2024<\/h4>\n<p style=\"text-align: center;\">et\u00e4kokous &#8221;zoom&#8221; 8.2.2024 klo 12.00-12.30<\/p>\n<p style=\"text-align: center;\"><a href=\"https:\/\/www.suomi-ranska.com\/teknillistieteellinen\/wp-content\/uploads\/2024\/01\/240208-vuosikokous-asialista-1.pdf\">esityslista<\/a><\/p>\n<p style=\"text-align: center;\"><a href=\"https:\/\/www.suomi-ranska.com\/teknillistieteellinen\/wp-content\/uploads\/2024\/02\/Vuosikokous-2024-Poytakirja.pdf\">p\u00f6yt\u00e4kirja<\/a><\/p>\n<blockquote>\n<p style=\"text-align: center;\"><a href=\"https:\/\/www.suomi-ranska.com\/teknillistieteellinen\/wp-content\/uploads\/2024\/02\/toimintakertomus-2023-1.pdf\">toimintakertomus 2023<\/a><\/p>\n<\/blockquote>\n<p style=\"text-align: center;\"><a href=\"https:\/\/www.suomi-ranska.com\/teknillistieteellinen\/wp-content\/uploads\/2024\/01\/Tilinpaatos-2023-1.pdf\">tilinp\u00e4\u00e4t\u00f6s<\/a><\/p>\n<p style=\"text-align: center;\"><a href=\"https:\/\/www.suomi-ranska.com\/teknillistieteellinen\/wp-content\/uploads\/2024\/01\/Toiminnan-Tarkastuskertomus.pdf\">Toinnnan tarkastuskertomus<\/a><\/p>\n<p>[\/et_pb_text][\/et_pb_column][et_pb_column type=&#8221;1_3&#8243; _builder_version=&#8221;4.23.1&#8243; _module_preset=&#8221;default&#8221; global_colors_info=&#8221;{}&#8221;][et_pb_text _builder_version=&#8221;4.23.1&#8243; _module_preset=&#8221;default&#8221; custom_padding=&#8221;||1px|||&#8221; global_colors_info=&#8221;{}&#8221;]<\/p>\n<h4 style=\"text-align: center;\">Vuosikokous 2023<\/h4>\n<p style=\"text-align: center;\">\n<p style=\"text-align: center;\"><a href=\"https:\/\/www.suomi-ranska.com\/teknillistieteellinen\/wp-content\/uploads\/2023\/12\/Vuosikokous-2023-Poytakirja.pdf\">p\u00f6yt\u00e4kirja<\/a><\/p>\n<p style=\"text-align: center;\"><a href=\"https:\/\/www.suomi-ranska.com\/teknillistieteellinen\/wp-content\/uploads\/2023\/12\/Toimintakertomus-2022.pdf\">toimintakertomus 2022<\/a><\/p>\n<p style=\"text-align: center;\">[\/et_pb_text][\/et_pb_column][et_pb_column type=&#8221;1_3&#8243; _builder_version=&#8221;4.23.1&#8243; _module_preset=&#8221;default&#8221; global_colors_info=&#8221;{}&#8221;][et_pb_text _builder_version=&#8221;4.23.1&#8243; _module_preset=&#8221;default&#8221; global_colors_info=&#8221;{}&#8221;]<\/p>\n<h4 style=\"text-align: center;\">Vuosikokous 2022<\/h4>\n<p style=\"text-align: center;\">\n<p style=\"text-align: center;\"><a href=\"https:\/\/www.suomi-ranska.com\/teknillistieteellinen\/wp-content\/uploads\/2023\/12\/Vuosikokous-2022-Poytakirja.pdf\">p\u00f6yt\u00e4kirja<\/a><\/p>\n<p style=\"text-align: center;\"><a href=\"https:\/\/www.suomi-ranska.com\/teknillistieteellinen\/wp-content\/uploads\/2023\/12\/toimintakertomus-2021-1.pdf\">toimintakertomus 2021<\/a><\/p>\n<p style=\"text-align: center;\">[\/et_pb_text][\/et_pb_column][\/et_pb_row][et_pb_row column_structure=&#8221;1_3,1_3,1_3&#8243; _builder_version=&#8221;4.23.1&#8243; _module_preset=&#8221;default&#8221; global_colors_info=&#8221;{}&#8221;][et_pb_column type=&#8221;1_3&#8243; _builder_version=&#8221;4.23.1&#8243; _module_preset=&#8221;default&#8221; global_colors_info=&#8221;{}&#8221;][et_pb_text _builder_version=&#8221;4.23.1&#8243; _module_preset=&#8221;default&#8221; global_colors_info=&#8221;{}&#8221;]<\/p>\n<h4 style=\"text-align: center;\">Vuosikokous 2021<\/h4>\n<p style=\"text-align: center;\">\n<p style=\"text-align: center;\"><a href=\"https:\/\/www.suomi-ranska.com\/teknillistieteellinen\/wp-content\/uploads\/2023\/12\/Vuosikokous-2021-Poytakirja.pdf\">p\u00f6yt\u00e4kirja<\/a><\/p>\n<p style=\"text-align: center;\"><a href=\"https:\/\/www.suomi-ranska.com\/teknillistieteellinen\/wp-content\/uploads\/2023\/12\/2Toimintakertomus-2020.pdf\">toimintakertomus 2020<\/a><\/p>\n<p style=\"text-align: center;\">[\/et_pb_text][\/et_pb_column][et_pb_column type=&#8221;1_3&#8243; _builder_version=&#8221;4.23.1&#8243; _module_preset=&#8221;default&#8221; global_colors_info=&#8221;{}&#8221;][et_pb_text _builder_version=&#8221;4.23.1&#8243; _module_preset=&#8221;default&#8221; global_colors_info=&#8221;{}&#8221;]<\/p>\n<h4 style=\"text-align: center;\">Vuosikokous 2020<\/h4>\n<p style=\"text-align: center;\">\n<p style=\"text-align: center;\"><a href=\"https:\/\/www.suomi-ranska.com\/teknillistieteellinen\/wp-content\/uploads\/2023\/12\/Vuosikokous-2020-Poytakirja-1.pdf\">p\u00f6yt\u00e4kirja<\/a><\/p>\n<blockquote>\n<p style=\"text-align: center;\"><a href=\"https:\/\/www.suomi-ranska.com\/teknillistieteellinen\/wp-content\/uploads\/2023\/12\/2-toimintakertomus-2019.pdf\">toimintakertomus 2019<\/a><\/p>\n<\/blockquote>\n<p style=\"text-align: center;\">[\/et_pb_text][\/et_pb_column][et_pb_column type=&#8221;1_3&#8243; _builder_version=&#8221;4.23.1&#8243; _module_preset=&#8221;default&#8221; global_colors_info=&#8221;{}&#8221;][et_pb_text _builder_version=&#8221;4.23.1&#8243; _module_preset=&#8221;default&#8221; global_colors_info=&#8221;{}&#8221;]<\/p>\n<h4 style=\"text-align: center;\">Vuosikokous 2019<\/h4>\n<p style=\"text-align: center;\">\n<p style=\"text-align: center;\"><a href=\"https:\/\/www.suomi-ranska.com\/teknillistieteellinen\/wp-content\/uploads\/2023\/12\/Vuosikokous-190516-ptk.pdf\">p\u00f6yt\u00e4kirja<\/a><\/p>\n<blockquote>\n<p style=\"text-align: center;\"><a href=\"https:\/\/www.suomi-ranska.com\/teknillistieteellinen\/wp-content\/uploads\/2023\/12\/2-toimintakertomus-2018-1.pdf\">toimintakertomus 2018<\/a><\/p>\n<\/blockquote>\n<p style=\"text-align: center;\">\n<p>.<\/p>\n<p>[\/et_pb_text][\/et_pb_column][\/et_pb_row][et_pb_row column_structure=&#8221;1_3,1_3,1_3&#8243; _builder_version=&#8221;4.23.1&#8243; _module_preset=&#8221;default&#8221; global_colors_info=&#8221;{}&#8221;][et_pb_column type=&#8221;1_3&#8243; _builder_version=&#8221;4.23.1&#8243; _module_preset=&#8221;default&#8221; global_colors_info=&#8221;{}&#8221;][et_pb_text _builder_version=&#8221;4.23.1&#8243; _module_preset=&#8221;default&#8221; global_colors_info=&#8221;{}&#8221;]<\/p>\n<h4 style=\"text-align: center;\">Vuosikokous 2018<\/h4>\n<p style=\"text-align: center;\"><a href=\"https:\/\/www.suomi-ranska.com\/teknillistieteellinen\/wp-content\/uploads\/2023\/12\/Poytakirja-vuosikokous-8-5-2018.pdf\">p\u00f6yt\u00e4kirja<\/a><\/p>\n<p style=\"text-align: center;\"><a href=\"https:\/\/www.suomi-ranska.com\/teknillistieteellinen\/wp-content\/uploads\/2023\/12\/3-toimintakertomus-2017.pdf\">toimintakertomus 2017<\/a><\/p>\n<p style=\"text-align: center;\">[\/et_pb_text][\/et_pb_column][et_pb_column type=&#8221;1_3&#8243; _builder_version=&#8221;4.23.1&#8243; _module_preset=&#8221;default&#8221; global_colors_info=&#8221;{}&#8221;][et_pb_text _builder_version=&#8221;4.23.1&#8243; _module_preset=&#8221;default&#8221; global_colors_info=&#8221;{}&#8221;]<\/p>\n<h4 style=\"text-align: center;\">Vuosikokous 2017<\/h4>\n<p style=\"text-align: center;\">\n<p style=\"text-align: center;\"><a href=\"https:\/\/www.suomi-ranska.com\/teknillistieteellinen\/wp-content\/uploads\/2023\/12\/vuosikokous-15-5-2017poytakirja.pdf\">p\u00f6yt\u00e4kirja<\/a><\/p>\n<blockquote>\n<p style=\"text-align: center;\"><a href=\"https:\/\/www.suomi-ranska.com\/teknillistieteellinen\/wp-content\/uploads\/2023\/12\/3-Toimintakertomus-2016.pdf\">toimintakertomus 2016<\/a><\/p>\n<\/blockquote>\n<p style=\"text-align: center;\">[\/et_pb_text][\/et_pb_column][et_pb_column type=&#8221;1_3&#8243; _builder_version=&#8221;4.23.1&#8243; _module_preset=&#8221;default&#8221; global_colors_info=&#8221;{}&#8221;][et_pb_text _builder_version=&#8221;4.23.1&#8243; _module_preset=&#8221;default&#8221; global_colors_info=&#8221;{}&#8221;]<\/p>\n<h4 style=\"text-align: center;\">Vuosikokous 20216<\/h4>\n<p style=\"text-align: center;\">\n<blockquote>\n<p style=\"text-align: center;\"><a href=\"https:\/\/www.suomi-ranska.com\/teknillistieteellinen\/wp-content\/uploads\/2023\/12\/160523-SRTTS-vuosikokous-ptk.pdf\">p\u00f6yt\u00e4kirja<\/a><\/p>\n<\/blockquote>\n<p style=\"text-align: center;\">[\/et_pb_text][\/et_pb_column][\/et_pb_row][\/et_pb_section][et_pb_section fb_built=&#8221;1&#8243; _builder_version=&#8221;4.23.1&#8243; _module_preset=&#8221;default&#8221; global_colors_info=&#8221;{}&#8221;][\/et_pb_section]<\/p>\n","protected":false},"excerpt":{"rendered":"<p>Vuosikokous 2025 28.1.2025 klo 12.00- 13.00 Ranskan instituutti, Yrj\u00f6nkatu 36, Helsinki Esityslista Toimintakertomus 2024 tilinp\u00e4\u00e4t\u00f6s Toiminnantarkastuskertomus 1 Toiminnantarkastukertomus 2 P\u00f6yt\u00e4kirja &nbsp; &nbsp; \u00a0 \u00a0 Seuran ylim\u00e4\u00e4r\u00e4inen kokous 3.3.2025 klo 13.00-13.30 Ravintola Lasipalatsi Mannerheimintie 22-24, 00100 Helsinki Asialista P\u00f6yt\u00e4kirja &nbsp; &nbsp; &nbsp; &nbsp; &nbsp; &nbsp;\u00a0 \u00a0 Vuosikokous 2026 22.4.2026 klo 15.00 &#8211; 17.30 Zoom Asialista P\u00f6yt\u00e4kirja [&hellip;]<\/p>\n","protected":false},"author":2,"featured_media":0,"parent":0,"menu_order":0,"comment_status":"closed","ping_status":"closed","template":"","meta":{"_et_pb_use_builder":"on","_et_pb_old_content":"","_et_gb_content_width":"","footnotes":""},"class_list":["post-1615","page","type-page","status-publish","hentry"],"_links":{"self":[{"href":"https:\/\/www.suomi-ranska.com\/teknillistieteellinen\/wp-json\/wp\/v2\/pages\/1615","targetHints":{"allow":["GET"]}}],"collection":[{"href":"https:\/\/www.suomi-ranska.com\/teknillistieteellinen\/wp-json\/wp\/v2\/pages"}],"about":[{"href":"https:\/\/www.suomi-ranska.com\/teknillistieteellinen\/wp-json\/wp\/v2\/types\/page"}],"author":[{"embeddable":true,"href":"https:\/\/www.suomi-ranska.com\/teknillistieteellinen\/wp-json\/wp\/v2\/users\/2"}],"replies":[{"embeddable":true,"href":"https:\/\/www.suomi-ranska.com\/teknillistieteellinen\/wp-json\/wp\/v2\/comments?post=1615"}],"version-history":[{"count":36,"href":"https:\/\/www.suomi-ranska.com\/teknillistieteellinen\/wp-json\/wp\/v2\/pages\/1615\/revisions"}],"predecessor-version":[{"id":2621,"href":"https:\/\/www.suomi-ranska.com\/teknillistieteellinen\/wp-json\/wp\/v2\/pages\/1615\/revisions\/2621"}],"wp:attachment":[{"href":"https:\/\/www.suomi-ranska.com\/teknillistieteellinen\/wp-json\/wp\/v2\/media?parent=1615"}],"curies":[{"name":"wp","href":"https:\/\/api.w.org\/{rel}","templated":true}]}}